{"id":8166,"date":"2022-08-17T13:28:50","date_gmt":"2022-08-17T13:28:50","guid":{"rendered":"https:\/\/www.novotek.com\/se\/?post_type=insights&#038;p=8166"},"modified":"2025-11-18T20:41:05","modified_gmt":"2025-11-18T20:41:05","slug":"fordelar-med-smart-factory","status":"publish","type":"insights","link":"https:\/\/www.novotek.com\/se\/insight\/fordelar-med-smart-factory\/","title":{"rendered":"F\u00f6rdelar med Smart Factory"},"content":{"rendered":"<div class=\"container-md paragraph  \">\n<p><strong>I den h\u00e4r artikeln delar <a href=\"https:\/\/www.gevernova.com\/\">GE Vernova<\/a>s produktchef, Joe Gerstl med sig av \u2019GE Vernovas Proficy Smart Manufacturing\u2019-programvaras finansiella, tekniska och operativa f\u00f6rdelar. L\u00e4s nedan f\u00f6r att ta del av f\u00f6rdelar med Smart Factory<\/strong><\/p>\n<\/div>\n\n<div class=\"container-md spacer  \">\n<div style=\"height:20px\" aria-hidden=\"true\" class=\"wp-block-spacer\"><\/div>\n<\/div>\n\n<div class=\"container-md image  \">\n<figure class=\"wp-block-image size-large\"><img loading=\"lazy\" decoding=\"async\" width=\"1024\" height=\"321\" src=\"https:\/\/www.novotek.com\/se\/wp-content\/uploads\/sites\/2\/sites\/2\/Startpage\/Insights\/F\u00f6rdelar_med_Smart-Factory\/Fordelar_med_Smart-Factory-1024x321.png\" alt=\"Finansiella, tekniska och operativa f\u00f6rdelar\" class=\"wp-image-8176\" srcset=\"https:\/\/www.novotek.com\/se\/wp-content\/uploads\/sites\/2\/Startpage\/Insights\/F\u00f6rdelar_med_Smart-Factory\/Fordelar_med_Smart-Factory-1024x321.png 1024w, https:\/\/www.novotek.com\/se\/wp-content\/uploads\/sites\/2\/Startpage\/Insights\/F\u00f6rdelar_med_Smart-Factory\/Fordelar_med_Smart-Factory-300x94.png 300w, https:\/\/www.novotek.com\/se\/wp-content\/uploads\/sites\/2\/Startpage\/Insights\/F\u00f6rdelar_med_Smart-Factory\/Fordelar_med_Smart-Factory-768x241.png 768w, https:\/\/www.novotek.com\/se\/wp-content\/uploads\/sites\/2\/Startpage\/Insights\/F\u00f6rdelar_med_Smart-Factory\/Fordelar_med_Smart-Factory-1536x481.png 1536w, https:\/\/www.novotek.com\/se\/wp-content\/uploads\/sites\/2\/Startpage\/Insights\/F\u00f6rdelar_med_Smart-Factory\/Fordelar_med_Smart-Factory-2048x641.png 2048w\" sizes=\"auto, (max-width: 1024px) 100vw, 1024px\" \/><\/figure>\n<\/div>\n\n<div class=\"container-md spacer  \">\n<div style=\"height:30px\" aria-hidden=\"true\" class=\"wp-block-spacer\"><\/div>\n<\/div>\n\n<div class=\"container-md paragraph  \">\n<p class=\"has-background\" style=\"background-color:#f3f3f3\">L\u00e4s \u00e4ven:<strong> <a href=\"https:\/\/www.novotek.com\/se\/insight\/vad-ar-smart-factory\/\">Vad \u00e4r Smart Factory?<\/a><\/strong><\/p>\n<\/div>\n\n<div class=\"container-md spacer  \">\n<div style=\"height:50px\" aria-hidden=\"true\" class=\"wp-block-spacer\"><\/div>\n<\/div>\n\n<div class=\"container-md heading  \">\n<h2 class=\"wp-block-heading\" id=\"h-finansiella-fordelar\">F\u00f6rdelar med Smart Factory<\/h2>\n<\/div>\n\n<div class=\"container-md heading  \">\n<h3 class=\"wp-block-heading\" id=\"h-finansiella-fordelar\">Finansiella f\u00f6rdelar <\/h3>\n<\/div>\n\n<div class=\"container-md paragraph  \">\n<p>Med m\u00e5nga produktionsanl\u00e4ggningar \u00e4r det viktigt att kunna rulla ut MES-system snabbt och enkelt, till l\u00e4gsta m\u00f6jliga kostnad. \u2019GE Vernovas Proficy Smart Manufacturing\u2019-programvara hj\u00e4lper f\u00f6retag att g\u00f6ra just det. N\u00e4r den f\u00f6rsta fabriken \u00e4r uppe och k\u00f6r s\u00e5 tillhandah\u00e5ller Proficy Smart Factory enkla verktyg f\u00f6r att exportera konfigurationsdata som sedan importeras i n\u00e4sta fabrik.<\/p>\n<\/div>\n\n<div class=\"container-md paragraph  \">\n<p><\/p>\n<\/div>\n\n<div class=\"container-md paragraph  \">\n<p>F\u00f6r olika branscher till exempel livsmedel, drycker och konsumentprodukter, finns det m\u00e5nga mallar som ing\u00e5r i Proficy Smart Factory. Det g\u00f6r att f\u00f6retag kan komma ig\u00e5ng med att samla in data och f\u00e5 insikter p\u00e5 bara n\u00e5gra dagar, vilket medf\u00f6r m\u00f6jligheter att leverera i tid och inom budget.<\/p>\n<\/div>\n\n<div class=\"container-md spacer  \">\n<div style=\"height:56px\" aria-hidden=\"true\" class=\"wp-block-spacer\"><\/div>\n<\/div>\n\n<div class=\"container-md heading  \">\n<h3 class=\"wp-block-heading\" id=\"h-tekniska-fordelar\">Tekniska f\u00f6rdelar <\/h3>\n<\/div>\n\n<div class=\"container-md paragraph  \">\n<p>Tillverkare letar efter nya s\u00e4tt att bli mer effektiva samtidigt som IT\/OT-tekniken f\u00f6r\u00e4ndras. Detta ger m\u00f6jlighet till effektivitet. Fler och fler tillverkare s\u00f6ker sig till molnet f\u00f6r att minska sina kostnader f\u00f6r  hantering av dyr h\u00e5rdvara\/mjukvara. Men det \u00e4r inte alltid l\u00e4tt att ta det steget. <\/p>\n<\/div>\n\n<div class=\"container-md paragraph  \">\n<p><\/p>\n<\/div>\n\n<div class=\"container-md paragraph  \">\n<p>L\u00f6sningen kan k\u00f6ras lokalt, i ett datacenter, i ett Virtual Private Cloud (VPC) och \u00e4ven som Software as a Service (SaaS) \u00f6ver Internet. Oavsett vilken v\u00e4g man g\u00e5r, lokalt, i molnet eller en hybrid av dessa tv\u00e5, har ett molnf\u00e4rdigt system som Proficy Smart Factory m\u00e5nga f\u00f6rdelar:<\/p>\n<\/div>\n\n<div class=\"container-md list  \">\n<ul class=\"wp-block-list\"><div class=\"container-md list-item  \">\n<li>Det \u00e4r kostnadseffektivt, skalbart, har h\u00f6g tillg\u00e4nglighet. <\/li>\n<\/div>\n\n<div class=\"container-md list-item  \">\n<li>Det kan uppgraderas i realtid precis som stora webbplatser. <\/li>\n<\/div>\n\n<div class=\"container-md list-item  \">\n<li>Det inneb\u00e4r mindre stopp i produktionen.<\/li>\n<\/div><\/ul>\n<\/div>\n\n<div class=\"container-md spacer  \">\n<div style=\"height:56px\" aria-hidden=\"true\" class=\"wp-block-spacer\"><\/div>\n<\/div>\n\n<div class=\"container-md heading  \">\n<h2 class=\"wp-block-heading\" id=\"h-operativa-fordelar\">Operativa f\u00f6rdelar <\/h2>\n<\/div>\n\n<div class=\"container-md paragraph  \">\n<p>Operat\u00f6rer \u00e4r mer tekniskt kunniga idag och f\u00f6rv\u00e4ntar sig att deras tid p\u00e5 jobbet ska se ut och k\u00e4nnas som n\u00e4r de surfar p\u00e5 sin surfplatta eller telefon p\u00e5 fritiden. Proficy Smart Factory prioriterar operat\u00f6rerna eftersom den skapar en modern och intuitiv anv\u00e4ndarupplevelse (UX) som \u00e4r uppbyggd kring deras behov. F\u00f6r att underl\u00e4tta operat\u00f6rens jobb, s\u00e5 anpassar Smart Factory vyerna s\u00e5 att operat\u00f6ren kan fokusera p\u00e5 sina arbetsuppgifter. <\/p>\n<\/div>\n\n<div class=\"container-md paragraph  \">\n<p><\/p>\n<\/div>\n\n<div class=\"container-md paragraph  \">\n<p>L\u00f6sningen \u00e4r byggd f\u00f6r att k\u00f6ras p\u00e5 surfplattor. Det utnyttjar enhetens kamera f\u00f6r att l\u00e4sa streckkoder och ta bilder\/videos direkt in i systemet. Den fungerar \u00e4ven utm\u00e4rkt p\u00e5 skrivbord och PC.<\/p>\n<\/div>\n\n<div class=\"container-md spacer  \">\n<div style=\"height:56px\" aria-hidden=\"true\" class=\"wp-block-spacer\"><\/div>\n<\/div>\n\n<div class=\"container-md separator  \">\n<hr class=\"wp-block-separator has-alpha-channel-opacity\"\/>\n<\/div>\n\n<div class=\"container-md spacer  \">\n<div style=\"height:56px\" aria-hidden=\"true\" class=\"wp-block-spacer\"><\/div>\n<\/div>\n\n<div class=\"container-md columns  \">\n<div class=\"wp-block-columns is-layout-flex wp-container-core-columns-is-layout-9d6595d7 wp-block-columns-is-layout-flex\"><div class=\"container-md column  \">\n<div class=\"wp-block-column is-layout-flow wp-block-column-is-layout-flow\"><div class=\"container-md spacer  \">\n<div style=\"height:130px\" aria-hidden=\"true\" class=\"wp-block-spacer\"><\/div>\n<\/div>\n\n<div class=\"container-md heading  \">\n<h3 class=\"wp-block-heading has-text-align-left\" id=\"h-vill-du-veta-mer-om-smart-factory\">Vill du veta mer om f\u00f6rdelar med Smart Factory? <\/h3>\n<\/div>\n\n<div class=\"container-md spacer  \">\n<div style=\"height:20px\" aria-hidden=\"true\" class=\"wp-block-spacer\"><\/div>\n<\/div>\n\n<div class=\"container-md buttons  \">\n<div class=\"wp-block-buttons is-layout-flex wp-block-buttons-is-layout-flex\"><div class=\"container-md button  \">\n<div class=\"wp-block-button\"><a class=\"wp-block-button__link has-background wp-element-button\" href=\"https:\/\/www.novotek.com\/se\/kontakta-oss\/\" style=\"background-color:#e70029\">H\u00f6r av dig till oss!<\/a><\/div>\n<\/div><\/div>\n<\/div><\/div>\n<\/div>\n\n<div class=\"container-md column  \">\n<div class=\"wp-block-column is-layout-flow wp-block-column-is-layout-flow\"><div class=\"container-md image  \">\n<figure class=\"wp-block-image size-large\"><img loading=\"lazy\" decoding=\"async\" width=\"819\" height=\"1024\" src=\"https:\/\/www.novotek.com\/se\/wp-content\/uploads\/sites\/2\/sites\/2\/Startpage\/Insights\/F\u00f6rdelar_med_Smart-Factory\/Joe-Website-819x1024.jpg\" alt=\"F\u00f6rdelar med Smart Factory GE\" class=\"wp-image-8177\" srcset=\"https:\/\/www.novotek.com\/se\/wp-content\/uploads\/sites\/2\/Startpage\/Insights\/F\u00f6rdelar_med_Smart-Factory\/Joe-Website-819x1024.jpg 819w, https:\/\/www.novotek.com\/se\/wp-content\/uploads\/sites\/2\/Startpage\/Insights\/F\u00f6rdelar_med_Smart-Factory\/Joe-Website-240x300.jpg 240w, https:\/\/www.novotek.com\/se\/wp-content\/uploads\/sites\/2\/Startpage\/Insights\/F\u00f6rdelar_med_Smart-Factory\/Joe-Website-768x960.jpg 768w, https:\/\/www.novotek.com\/se\/wp-content\/uploads\/sites\/2\/Startpage\/Insights\/F\u00f6rdelar_med_Smart-Factory\/Joe-Website.jpg 1200w\" sizes=\"auto, (max-width: 819px) 100vw, 819px\" \/><\/figure>\n<\/div>\n\n<div class=\"container-md paragraph  \">\n<p><strong>Joe Gerstl <\/strong><\/p>\n<\/div>\n\n<div class=\"container-md paragraph  \">\n<p>Produktchef, GE Vernova<\/p>\n<\/div><\/div>\n<\/div><\/div>\n<\/div>","protected":false},"excerpt":{"rendered":"<p>I den h\u00e4r artikeln delar GE Vernovas produktchef, Joe Gerstl med sig av \u2019GE Vernovas Proficy Smart Manufacturing\u2019-programvaras finansiella, tekniska och operativa f\u00f6rdelar. L\u00e4s nedan f\u00f6r att ta del av f\u00f6rdelar med Smart Factory L\u00e4s \u00e4ven: Vad \u00e4r Smart Factory? F\u00f6rdelar med Smart Factory Finansiella f\u00f6rdelar Med m\u00e5nga produktionsanl\u00e4ggningar \u00e4r det viktigt att kunna rulla [&hellip;]<\/p>\n","protected":false},"featured_media":0,"template":"","insight_category":[],"class_list":["post-8166","insights","type-insights","status-publish","hentry"],"acf":[],"yoast_head":"<!-- This site is optimized with the Yoast SEO plugin v27.4 - https:\/\/yoast.com\/product\/yoast-seo-wordpress\/ -->\n<title>F\u00f6rdelar med Smart Factory - Novotek Sverige AB<\/title>\n<meta name=\"description\" content=\"I den h\u00e4r artikeln delar GE Digitals produktchef, Joe Gerstl med sig av f\u00f6rdelar med Smart Factory. L\u00e4s h\u00e4r.\" \/>\n<meta name=\"robots\" content=\"index, follow, max-snippet:-1, max-image-preview:large, max-video-preview:-1\" \/>\n<link rel=\"canonical\" href=\"https:\/\/www.novotek.com\/se\/insight\/fordelar-med-smart-factory\/\" \/>\n<meta property=\"og:locale\" content=\"sv_SE\" \/>\n<meta property=\"og:type\" content=\"article\" \/>\n<meta property=\"og:title\" content=\"F\u00f6rdelar med Smart Factory - Novotek Sverige AB\" \/>\n<meta property=\"og:description\" content=\"I den h\u00e4r artikeln delar GE Digitals produktchef, Joe Gerstl med sig av f\u00f6rdelar med Smart Factory. L\u00e4s h\u00e4r.\" \/>\n<meta property=\"og:url\" content=\"https:\/\/www.novotek.com\/se\/insight\/fordelar-med-smart-factory\/\" \/>\n<meta property=\"og:site_name\" content=\"Novotek Sverige AB\" \/>\n<meta property=\"article:modified_time\" content=\"2025-11-18T20:41:05+00:00\" \/>\n<meta name=\"twitter:card\" content=\"summary_large_image\" \/>\n<meta name=\"twitter:label1\" content=\"Ber\u00e4knad l\u00e4stid\" \/>\n\t<meta name=\"twitter:data1\" content=\"3 minuter\" \/>\n<script type=\"application\/ld+json\" class=\"yoast-schema-graph\">{\"@context\":\"https:\\\/\\\/schema.org\",\"@graph\":[{\"@type\":\"WebPage\",\"@id\":\"https:\\\/\\\/www.novotek.com\\\/se\\\/insight\\\/fordelar-med-smart-factory\\\/\",\"url\":\"https:\\\/\\\/www.novotek.com\\\/se\\\/insight\\\/fordelar-med-smart-factory\\\/\",\"name\":\"F\u00f6rdelar med Smart Factory - Novotek Sverige AB\",\"isPartOf\":{\"@id\":\"https:\\\/\\\/www.novotek.com\\\/se\\\/#website\"},\"datePublished\":\"2022-08-17T13:28:50+00:00\",\"dateModified\":\"2025-11-18T20:41:05+00:00\",\"description\":\"I den h\u00e4r artikeln delar GE Digitals produktchef, Joe Gerstl med sig av f\u00f6rdelar med Smart Factory. L\u00e4s h\u00e4r.\",\"breadcrumb\":{\"@id\":\"https:\\\/\\\/www.novotek.com\\\/se\\\/insight\\\/fordelar-med-smart-factory\\\/#breadcrumb\"},\"inLanguage\":\"sv-SE\",\"potentialAction\":[{\"@type\":\"ReadAction\",\"target\":[\"https:\\\/\\\/www.novotek.com\\\/se\\\/insight\\\/fordelar-med-smart-factory\\\/\"]}]},{\"@type\":\"BreadcrumbList\",\"@id\":\"https:\\\/\\\/www.novotek.com\\\/se\\\/insight\\\/fordelar-med-smart-factory\\\/#breadcrumb\",\"itemListElement\":[{\"@type\":\"ListItem\",\"position\":1,\"name\":\"Home\",\"item\":\"https:\\\/\\\/www.novotek.com\\\/se\\\/\"},{\"@type\":\"ListItem\",\"position\":2,\"name\":\"F\u00f6rdelar med Smart Factory\"}]},{\"@type\":\"WebSite\",\"@id\":\"https:\\\/\\\/www.novotek.com\\\/se\\\/#website\",\"url\":\"https:\\\/\\\/www.novotek.com\\\/se\\\/\",\"name\":\"Novotek Sverige AB\",\"description\":\"Connect - Digitalize - Optimize\",\"potentialAction\":[{\"@type\":\"SearchAction\",\"target\":{\"@type\":\"EntryPoint\",\"urlTemplate\":\"https:\\\/\\\/www.novotek.com\\\/se\\\/?s={search_term_string}\"},\"query-input\":{\"@type\":\"PropertyValueSpecification\",\"valueRequired\":true,\"valueName\":\"search_term_string\"}}],\"inLanguage\":\"sv-SE\"}]}<\/script>\n<!-- \/ Yoast SEO plugin. -->","yoast_head_json":{"title":"F\u00f6rdelar med Smart Factory - Novotek Sverige AB","description":"I den h\u00e4r artikeln delar GE Digitals produktchef, Joe Gerstl med sig av f\u00f6rdelar med Smart Factory. L\u00e4s h\u00e4r.","robots":{"index":"index","follow":"follow","max-snippet":"max-snippet:-1","max-image-preview":"max-image-preview:large","max-video-preview":"max-video-preview:-1"},"canonical":"https:\/\/www.novotek.com\/se\/insight\/fordelar-med-smart-factory\/","og_locale":"sv_SE","og_type":"article","og_title":"F\u00f6rdelar med Smart Factory - Novotek Sverige AB","og_description":"I den h\u00e4r artikeln delar GE Digitals produktchef, Joe Gerstl med sig av f\u00f6rdelar med Smart Factory. L\u00e4s h\u00e4r.","og_url":"https:\/\/www.novotek.com\/se\/insight\/fordelar-med-smart-factory\/","og_site_name":"Novotek Sverige AB","article_modified_time":"2025-11-18T20:41:05+00:00","twitter_card":"summary_large_image","twitter_misc":{"Ber\u00e4knad l\u00e4stid":"3 minuter"},"schema":{"@context":"https:\/\/schema.org","@graph":[{"@type":"WebPage","@id":"https:\/\/www.novotek.com\/se\/insight\/fordelar-med-smart-factory\/","url":"https:\/\/www.novotek.com\/se\/insight\/fordelar-med-smart-factory\/","name":"F\u00f6rdelar med Smart Factory - Novotek Sverige AB","isPartOf":{"@id":"https:\/\/www.novotek.com\/se\/#website"},"datePublished":"2022-08-17T13:28:50+00:00","dateModified":"2025-11-18T20:41:05+00:00","description":"I den h\u00e4r artikeln delar GE Digitals produktchef, Joe Gerstl med sig av f\u00f6rdelar med Smart Factory. L\u00e4s h\u00e4r.","breadcrumb":{"@id":"https:\/\/www.novotek.com\/se\/insight\/fordelar-med-smart-factory\/#breadcrumb"},"inLanguage":"sv-SE","potentialAction":[{"@type":"ReadAction","target":["https:\/\/www.novotek.com\/se\/insight\/fordelar-med-smart-factory\/"]}]},{"@type":"BreadcrumbList","@id":"https:\/\/www.novotek.com\/se\/insight\/fordelar-med-smart-factory\/#breadcrumb","itemListElement":[{"@type":"ListItem","position":1,"name":"Home","item":"https:\/\/www.novotek.com\/se\/"},{"@type":"ListItem","position":2,"name":"F\u00f6rdelar med Smart Factory"}]},{"@type":"WebSite","@id":"https:\/\/www.novotek.com\/se\/#website","url":"https:\/\/www.novotek.com\/se\/","name":"Novotek Sverige AB","description":"Connect - Digitalize - Optimize","potentialAction":[{"@type":"SearchAction","target":{"@type":"EntryPoint","urlTemplate":"https:\/\/www.novotek.com\/se\/?s={search_term_string}"},"query-input":{"@type":"PropertyValueSpecification","valueRequired":true,"valueName":"search_term_string"}}],"inLanguage":"sv-SE"}]}},"_links":{"self":[{"href":"https:\/\/www.novotek.com\/se\/wp-json\/wp\/v2\/insights\/8166","targetHints":{"allow":["GET"]}}],"collection":[{"href":"https:\/\/www.novotek.com\/se\/wp-json\/wp\/v2\/insights"}],"about":[{"href":"https:\/\/www.novotek.com\/se\/wp-json\/wp\/v2\/types\/insights"}],"wp:attachment":[{"href":"https:\/\/www.novotek.com\/se\/wp-json\/wp\/v2\/media?parent=8166"}],"wp:term":[{"taxonomy":"insight_category","embeddable":true,"href":"https:\/\/www.novotek.com\/se\/wp-json\/wp\/v2\/insight_category?post=8166"}],"curies":[{"name":"wp","href":"https:\/\/api.w.org\/{rel}","templated":true}]}}